{"id":4684,"date":"2024-02-17T07:35:52","date_gmt":"2024-02-17T07:35:52","guid":{"rendered":"https:\/\/recyclist.ch\/la-formation\/"},"modified":"2025-03-25T15:04:03","modified_gmt":"2025-03-25T15:04:03","slug":"la-formation","status":"publish","type":"page","link":"https:\/\/recyclist.ch\/fr\/la-formation\/","title":{"rendered":"La formation"},"content":{"rendered":"\t\t<div data-elementor-type=\"wp-page\" data-elementor-id=\"4684\" class=\"elementor elementor-4684 elementor-753\" data-elementor-post-type=\"page\">\n\t\t\t\t<div data-particle_enable=\"false\" data-particle-mobile-disabled=\"false\" class=\"elementor-element elementor-element-c72a3fb e-flex e-con-boxed e-con e-parent\" data-id=\"c72a3fb\" data-element_type=\"container\" data-e-type=\"container\" data-settings=\"{&quot;background_background&quot;:&quot;classic&quot;,&quot;shape_divider_bottom&quot;:&quot;tilt&quot;}\">\n\t\t\t\t\t<div class=\"e-con-inner\">\n\t\t\t\t<div class=\"elementor-shape elementor-shape-bottom\" aria-hidden=\"true\" data-negative=\"false\">\n\t\t\t<svg xmlns=\"http:\/\/www.w3.org\/2000\/svg\" viewBox=\"0 0 1000 100\" preserveAspectRatio=\"none\">\n\t<path class=\"elementor-shape-fill\" d=\"M0,6V0h1000v100L0,6z\"\/>\n<\/svg>\t\t<\/div>\n\t\t<div data-particle_enable=\"false\" data-particle-mobile-disabled=\"false\" class=\"elementor-element elementor-element-2a5ae28 e-con-full title_header e-flex e-con e-child\" data-id=\"2a5ae28\" data-element_type=\"container\" data-e-type=\"container\">\n\t\t\t\t<\/div>\n\t\t<div data-particle_enable=\"false\" data-particle-mobile-disabled=\"false\" class=\"elementor-element elementor-element-91ce257 e-flex e-con-boxed e-con e-child\" data-id=\"91ce257\" data-element_type=\"container\" data-e-type=\"container\">\n\t\t\t\t\t<div class=\"e-con-inner\">\n\t\t\t\t\t<\/div>\n\t\t\t\t<\/div>\n\t\t\t\t\t<\/div>\n\t\t\t\t<\/div>\n\t\t<div data-particle_enable=\"false\" data-particle-mobile-disabled=\"false\" class=\"elementor-element elementor-element-0e03343 e-flex e-con-boxed e-con e-parent\" data-id=\"0e03343\" data-element_type=\"container\" data-e-type=\"container\" data-settings=\"{&quot;background_background&quot;:&quot;classic&quot;}\">\n\t\t\t\t\t<div class=\"e-con-inner\">\n\t\t<div data-particle_enable=\"false\" data-particle-mobile-disabled=\"false\" class=\"elementor-element elementor-element-1ac52a3 e-flex e-con-boxed e-con e-child\" data-id=\"1ac52a3\" data-element_type=\"container\" data-e-type=\"container\">\n\t\t\t\t\t<div class=\"e-con-inner\">\n\t\t\t\t<div class=\"elementor-element elementor-element-bc2a816 elementor-widget elementor-widget-heading\" data-id=\"bc2a816\" data-element_type=\"widget\" data-e-type=\"widget\" data-widget_type=\"heading.default\">\n\t\t\t\t<div class=\"elementor-widget-container\">\n\t\t\t\t\t<h1 class=\"elementor-heading-title elementor-size-default\">La formation<\/h1>\t\t\t\t<\/div>\n\t\t\t\t<\/div>\n\t\t\t\t\t<\/div>\n\t\t\t\t<\/div>\n\t\t<div data-particle_enable=\"false\" data-particle-mobile-disabled=\"false\" class=\"elementor-element elementor-element-08da8ff e-flex e-con-boxed e-con e-child\" data-id=\"08da8ff\" data-element_type=\"container\" data-e-type=\"container\">\n\t\t\t\t\t<div class=\"e-con-inner\">\n\t\t\t\t<div class=\"elementor-element elementor-element-5427077 elementor-align-right elementor-widget elementor-widget-global elementor-global-2449 elementor-widget-button\" data-id=\"5427077\" data-element_type=\"widget\" data-e-type=\"widget\" data-widget_type=\"button.default\">\n\t\t\t\t<div class=\"elementor-widget-container\">\n\t\t\t\t\t\t\t\t\t<div class=\"elementor-button-wrapper\">\n\t\t\t\t\t<a class=\"elementor-button elementor-button-link elementor-size-sm\" href=\"https:\/\/recyclist.ch\/events\/\">\n\t\t\t\t\t\t<span class=\"elementor-button-content-wrapper\">\n\t\t\t\t\t\t<span class=\"elementor-button-icon\">\n\t\t\t\t<svg aria-hidden=\"true\" class=\"e-font-icon-svg e-fas-arrow-right\" viewBox=\"0 0 448 512\" xmlns=\"http:\/\/www.w3.org\/2000\/svg\"><path d=\"M190.5 66.9l22.2-22.2c9.4-9.4 24.6-9.4 33.9 0L441 239c9.4 9.4 9.4 24.6 0 33.9L246.6 467.3c-9.4 9.4-24.6 9.4-33.9 0l-22.2-22.2c-9.5-9.5-9.3-25 .4-34.3L311.4 296H24c-13.3 0-24-10.7-24-24v-32c0-13.3 10.7-24 24-24h287.4L190.9 101.2c-9.8-9.3-10-24.8-.4-34.3z\"><\/path><\/svg>\t\t\t<\/span>\n\t\t\t\t\t\t\t\t\t<span class=\"elementor-button-text\"><b>Agenda<b><\/span>\n\t\t\t\t\t<\/span>\n\t\t\t\t\t<\/a>\n\t\t\t\t<\/div>\n\t\t\t\t\t\t\t\t<\/div>\n\t\t\t\t<\/div>\n\t\t\t\t\t<\/div>\n\t\t\t\t<\/div>\n\t\t\t\t\t<\/div>\n\t\t\t\t<\/div>\n\t\t<div data-particle_enable=\"false\" data-particle-mobile-disabled=\"false\" class=\"elementor-element elementor-element-07f318b e-flex e-con-boxed e-con e-parent\" data-id=\"07f318b\" data-element_type=\"container\" data-e-type=\"container\" data-settings=\"{&quot;background_background&quot;:&quot;classic&quot;}\">\n\t\t\t\t\t<div class=\"e-con-inner\">\n\t\t<div data-particle_enable=\"false\" data-particle-mobile-disabled=\"false\" class=\"elementor-element elementor-element-1a0c144 e-flex e-con-boxed e-con e-child\" data-id=\"1a0c144\" data-element_type=\"container\" data-e-type=\"container\" data-settings=\"{&quot;background_background&quot;:&quot;classic&quot;}\">\n\t\t\t\t\t<div class=\"e-con-inner\">\n\t\t<div data-particle_enable=\"false\" data-particle-mobile-disabled=\"false\" class=\"elementor-element elementor-element-b4b668e e-con-full e-flex e-con e-child\" data-id=\"b4b668e\" data-element_type=\"container\" data-e-type=\"container\">\n\t\t\t\t<div class=\"elementor-element elementor-element-bb4bcde elementor-widget elementor-widget-heading\" data-id=\"bb4bcde\" data-element_type=\"widget\" data-e-type=\"widget\" data-widget_type=\"heading.default\">\n\t\t\t\t<div class=\"elementor-widget-container\">\n\t\t\t\t\t<h2 class=\"elementor-heading-title elementor-size-default\">Dans l'entreprise<\/h2>\t\t\t\t<\/div>\n\t\t\t\t<\/div>\n\t\t\t\t<div class=\"elementor-element elementor-element-99231bb elementor-widget elementor-widget-text-editor\" data-id=\"99231bb\" data-element_type=\"widget\" data-e-type=\"widget\" data-widget_type=\"text-editor.default\">\n\t\t\t\t<div class=\"elementor-widget-container\">\n\t\t\t\t\t\t\t\t\t<p>Le plan de formation d\u00e9finit les objectifs d&rsquo;apprentissage et de performance pour la formation de recycleur\/recycleuse CFC. Les objectifs de formation sont attribu\u00e9s aux trois lieux de formation \u00ab\u00a0\u00e9cole professionnelle, entreprise et cours interentreprises\u00a0\u00bb. Afin de soutenir au mieux la formation des apprenants, l&rsquo;enseignement des contenus d&rsquo;apprentissage respectifs doit \u00eatre coordonn\u00e9. A cette fin, les entreprises de formation \u00e9tablissent un plan de formation individuel pour tous les apprentis, qui tient \u00e9galement compte des conditions de chaque entreprise de formation.<\/p>\n\t\t\t\t\t\t\t\t<\/div>\n\t\t\t\t<\/div>\n\t\t\t\t<\/div>\n\t\t<div data-particle_enable=\"false\" data-particle-mobile-disabled=\"false\" class=\"elementor-element elementor-element-f0ef68e e-flex e-con-boxed e-con e-child\" data-id=\"f0ef68e\" data-element_type=\"container\" data-e-type=\"container\" data-settings=\"{&quot;background_background&quot;:&quot;classic&quot;}\">\n\t\t\t\t\t<div class=\"e-con-inner\">\n\t\t\t\t\t<\/div>\n\t\t\t\t<\/div>\n\t\t\t\t\t<\/div>\n\t\t\t\t<\/div>\n\t\t<div data-particle_enable=\"false\" data-particle-mobile-disabled=\"false\" class=\"elementor-element elementor-element-c2ba22d e-flex e-con-boxed e-con e-child\" data-id=\"c2ba22d\" data-element_type=\"container\" data-e-type=\"container\" data-settings=\"{&quot;background_background&quot;:&quot;classic&quot;}\">\n\t\t\t\t\t<div class=\"e-con-inner\">\n\t\t<div data-particle_enable=\"false\" data-particle-mobile-disabled=\"false\" class=\"elementor-element elementor-element-255f3e7 e-con-full e-flex e-con e-child\" data-id=\"255f3e7\" data-element_type=\"container\" data-e-type=\"container\" data-settings=\"{&quot;background_background&quot;:&quot;classic&quot;}\">\n\t\t\t\t<\/div>\n\t\t<div data-particle_enable=\"false\" data-particle-mobile-disabled=\"false\" class=\"elementor-element elementor-element-92c6fa4 e-flex e-con-boxed e-con e-child\" data-id=\"92c6fa4\" data-element_type=\"container\" data-e-type=\"container\">\n\t\t\t\t\t<div class=\"e-con-inner\">\n\t\t\t\t<div class=\"elementor-element elementor-element-333088b elementor-widget elementor-widget-heading\" data-id=\"333088b\" data-element_type=\"widget\" data-e-type=\"widget\" data-widget_type=\"heading.default\">\n\t\t\t\t<div class=\"elementor-widget-container\">\n\t\t\t\t\t<h2 class=\"elementor-heading-title elementor-size-default\">\u00c9cole professionnelle<\/h2>\t\t\t\t<\/div>\n\t\t\t\t<\/div>\n\t\t\t\t<div class=\"elementor-element elementor-element-045ee31 elementor-widget elementor-widget-text-editor\" data-id=\"045ee31\" data-element_type=\"widget\" data-e-type=\"widget\" data-widget_type=\"text-editor.default\">\n\t\t\t\t<div class=\"elementor-widget-container\">\n\t\t\t\t\t\t\t\t\t<p>Les jours d&rsquo;\u00e9cole des recycleurs au centre de formation EPAI sont les suivants :<\/p>\n<ol>\n<li>1\u00e8re ann\u00e9e d&rsquo;apprentissage : mardi ou mercredi , <br \/>au 2e semestre mercredi et lundi<\/li>\n<li>Ann\u00e9e d&rsquo;apprentissage : mardi ou mercredi<\/li>\n<li>Ann\u00e9e d&rsquo;apprentissage : mardi ou mercredi<\/li>\n<\/ol>\n<p>Chaque ann\u00e9e, au mois de mars, une r\u00e9union de formateurs est organis\u00e9e. Celle-ci est organis\u00e9e conjointement par l&rsquo;\u00e9cole et l&rsquo;association de formation des recycleurs (R-Suisse). Vous recevez de pr\u00e9cieuses informations sur l&rsquo;\u00e9cole, les CI et les proc\u00e9dures de qualification, ainsi qu&rsquo;un expos\u00e9 sur un th\u00e8me d&rsquo;actualit\u00e9.<\/p>\n\t\t\t\t\t\t\t\t<\/div>\n\t\t\t\t<\/div>\n\t\t\t\t<div class=\"elementor-element elementor-element-7bbbf98 elementor-icon-list--layout-traditional elementor-list-item-link-full_width elementor-widget elementor-widget-icon-list\" data-id=\"7bbbf98\" data-element_type=\"widget\" data-e-type=\"widget\" data-widget_type=\"icon-list.default\">\n\t\t\t\t<div class=\"elementor-widget-container\">\n\t\t\t\t\t\t\t<ul class=\"elementor-icon-list-items\">\n\t\t\t\t\t\t\t<li class=\"elementor-icon-list-item\">\n\t\t\t\t\t\t\t\t\t\t\t<a href=\"https:\/\/bzlt.ch\/\" target=\"_blank\">\n\n\t\t\t\t\t\t\t\t\t\t\t\t<span class=\"elementor-icon-list-icon\">\n\t\t\t\t\t\t\t<svg aria-hidden=\"true\" class=\"e-font-icon-svg e-fas-external-link-alt\" viewBox=\"0 0 512 512\" xmlns=\"http:\/\/www.w3.org\/2000\/svg\"><path d=\"M432,320H400a16,16,0,0,0-16,16V448H64V128H208a16,16,0,0,0,16-16V80a16,16,0,0,0-16-16H48A48,48,0,0,0,0,112V464a48,48,0,0,0,48,48H400a48,48,0,0,0,48-48V336A16,16,0,0,0,432,320ZM488,0h-128c-21.37,0-32.05,25.91-17,41l35.73,35.73L135,320.37a24,24,0,0,0,0,34L157.67,377a24,24,0,0,0,34,0L435.28,133.32,471,169c15,15,41,4.5,41-17V24A24,24,0,0,0,488,0Z\"><\/path><\/svg>\t\t\t\t\t\t<\/span>\n\t\t\t\t\t\t\t\t\t\t<span class=\"elementor-icon-list-text\">bzlt.ch<\/span>\n\t\t\t\t\t\t\t\t\t\t\t<\/a>\n\t\t\t\t\t\t\t\t\t<\/li>\n\t\t\t\t\t\t<\/ul>\n\t\t\t\t\t\t<\/div>\n\t\t\t\t<\/div>\n\t\t\t\t\t<\/div>\n\t\t\t\t<\/div>\n\t\t\t\t\t<\/div>\n\t\t\t\t<\/div>\n\t\t<div data-particle_enable=\"false\" data-particle-mobile-disabled=\"false\" class=\"elementor-element elementor-element-e7dc399 e-flex e-con-boxed e-con e-child\" data-id=\"e7dc399\" data-element_type=\"container\" data-e-type=\"container\" data-settings=\"{&quot;background_background&quot;:&quot;classic&quot;}\">\n\t\t\t\t\t<div class=\"e-con-inner\">\n\t\t<div data-particle_enable=\"false\" data-particle-mobile-disabled=\"false\" class=\"elementor-element elementor-element-b989ce9 e-con-full e-flex e-con e-child\" data-id=\"b989ce9\" data-element_type=\"container\" data-e-type=\"container\">\n\t\t\t\t<div class=\"elementor-element elementor-element-80a1b62 elementor-widget elementor-widget-heading\" data-id=\"80a1b62\" data-element_type=\"widget\" data-e-type=\"widget\" data-widget_type=\"heading.default\">\n\t\t\t\t<div class=\"elementor-widget-container\">\n\t\t\t\t\t<h2 class=\"elementor-heading-title elementor-size-default\">Les cours interentreprises (CIE)<\/h2>\t\t\t\t<\/div>\n\t\t\t\t<\/div>\n\t\t\t\t<div class=\"elementor-element elementor-element-7fde48c elementor-widget elementor-widget-text-editor\" data-id=\"7fde48c\" data-element_type=\"widget\" data-e-type=\"widget\" data-widget_type=\"text-editor.default\">\n\t\t\t\t<div class=\"elementor-widget-container\">\n\t\t\t\t\t\t\t\t\t<p>Les cours interentreprises permettent d&rsquo;acqu\u00e9rir des comp\u00e9tences pratiques de base. Des certificats et des permis sont \u00e9galement acquis :<\/p>\n<ul>\n<li>Carte de secouriste<\/li>\n<li>Attestation de cours \u00e9lingues et grues<\/li>\n<li>Permis de chariot \u00e9l\u00e9vateur pour R1, R2 et S2<\/li>\n<li>Cours d&rsquo;introduction aux machines de construction<\/li>\n<\/ul>\n<p>Cependant, les 17 jours de cours au total ne permettent pas de consolider et d&rsquo;approfondir les connaissances. Il est donc indispensable que les apprentis puissent pratiquer les diff\u00e9rentes techniques en entreprise. Si cela n&rsquo;est pas possible dans sa propre entreprise, l&rsquo;apprenti doit effectuer des stages dans une entreprise appropri\u00e9e. Ceci est particuli\u00e8rement vrai pour la science des mat\u00e9riaux.<\/p>\n\t\t\t\t\t\t\t\t<\/div>\n\t\t\t\t<\/div>\n\t\t\t\t<div class=\"elementor-element elementor-element-e63a5cd elementor-icon-list--layout-traditional elementor-list-item-link-full_width elementor-widget elementor-widget-icon-list\" data-id=\"e63a5cd\" data-element_type=\"widget\" data-e-type=\"widget\" data-widget_type=\"icon-list.default\">\n\t\t\t\t<div class=\"elementor-widget-container\">\n\t\t\t\t\t\t\t<ul class=\"elementor-icon-list-items\">\n\t\t\t\t\t\t\t<li class=\"elementor-icon-list-item\">\n\t\t\t\t\t\t\t\t\t\t\t<a href=\"https:\/\/www.strickhof.ch\/\" target=\"_blank\">\n\n\t\t\t\t\t\t\t\t\t\t\t\t<span class=\"elementor-icon-list-icon\">\n\t\t\t\t\t\t\t<svg aria-hidden=\"true\" class=\"e-font-icon-svg e-fas-external-link-alt\" viewBox=\"0 0 512 512\" xmlns=\"http:\/\/www.w3.org\/2000\/svg\"><path d=\"M432,320H400a16,16,0,0,0-16,16V448H64V128H208a16,16,0,0,0,16-16V80a16,16,0,0,0-16-16H48A48,48,0,0,0,0,112V464a48,48,0,0,0,48,48H400a48,48,0,0,0,48-48V336A16,16,0,0,0,432,320ZM488,0h-128c-21.37,0-32.05,25.91-17,41l35.73,35.73L135,320.37a24,24,0,0,0,0,34L157.67,377a24,24,0,0,0,34,0L435.28,133.32,471,169c15,15,41,4.5,41-17V24A24,24,0,0,0,488,0Z\"><\/path><\/svg>\t\t\t\t\t\t<\/span>\n\t\t\t\t\t\t\t\t\t\t<span class=\"elementor-icon-list-text\">Strickhof Lindau<\/span>\n\t\t\t\t\t\t\t\t\t\t\t<\/a>\n\t\t\t\t\t\t\t\t\t<\/li>\n\t\t\t\t\t\t<\/ul>\n\t\t\t\t\t\t<\/div>\n\t\t\t\t<\/div>\n\t\t\t\t<\/div>\n\t\t<div data-particle_enable=\"false\" data-particle-mobile-disabled=\"false\" class=\"elementor-element elementor-element-471de54 e-flex e-con-boxed e-con e-child\" data-id=\"471de54\" data-element_type=\"container\" data-e-type=\"container\" data-settings=\"{&quot;background_background&quot;:&quot;classic&quot;}\">\n\t\t\t\t\t<div class=\"e-con-inner\">\n\t\t\t\t\t<\/div>\n\t\t\t\t<\/div>\n\t\t\t\t\t<\/div>\n\t\t\t\t<\/div>\n\t\t<div data-particle_enable=\"false\" data-particle-mobile-disabled=\"false\" class=\"elementor-element elementor-element-a5a2710 e-flex e-con-boxed e-con e-child\" data-id=\"a5a2710\" data-element_type=\"container\" data-e-type=\"container\" data-settings=\"{&quot;background_background&quot;:&quot;classic&quot;}\">\n\t\t\t\t\t<div class=\"e-con-inner\">\n\t\t<div data-particle_enable=\"false\" data-particle-mobile-disabled=\"false\" class=\"elementor-element elementor-element-514b18c e-con-full e-flex e-con e-child\" data-id=\"514b18c\" data-element_type=\"container\" data-e-type=\"container\" data-settings=\"{&quot;background_background&quot;:&quot;classic&quot;}\">\n\t\t\t\t<\/div>\n\t\t<div data-particle_enable=\"false\" data-particle-mobile-disabled=\"false\" class=\"elementor-element elementor-element-03c1521 e-flex e-con-boxed e-con e-child\" data-id=\"03c1521\" data-element_type=\"container\" data-e-type=\"container\">\n\t\t\t\t\t<div class=\"e-con-inner\">\n\t\t\t\t<div class=\"elementor-element elementor-element-8f05c8f elementor-widget elementor-widget-heading\" data-id=\"8f05c8f\" data-element_type=\"widget\" data-e-type=\"widget\" data-widget_type=\"heading.default\">\n\t\t\t\t<div class=\"elementor-widget-container\">\n\t\t\t\t\t<h2 class=\"elementor-heading-title elementor-size-default\">Proc\u00e9dure de qualification<\/h2>\t\t\t\t<\/div>\n\t\t\t\t<\/div>\n\t\t\t\t<div class=\"elementor-element elementor-element-9d0b59b elementor-widget elementor-widget-text-editor\" data-id=\"9d0b59b\" data-element_type=\"widget\" data-e-type=\"widget\" data-widget_type=\"text-editor.default\">\n\t\t\t\t<div class=\"elementor-widget-container\">\n\t\t\t\t\t\t\t\t\t<p>La proc\u00e9dure de qualification a lieu pour tous les apprentis au Strickhof \u00e0 Lindau ZH. Elle dure huit heures, r\u00e9parties sur deux demi-journ\u00e9es de quatre heures chacune. Les apprenants qui ont un long trajet \u00e0 faire peuvent passer la nuit au Strickhof.<\/p>\n<p>Les trois domaines de comp\u00e9tences op\u00e9rationnelles sont test\u00e9s :<\/p>\n<ol>\n<li>R\u00e9ception des mat\u00e9riaux recyclables<\/li>\n<li>Tri, traitement et stockage des mat\u00e9riaux recyclables<\/li>\n<li>Entretien professionnel<\/li>\n<\/ol>\n<p>Les examens \u00e9crits (connaissances professionnelles et ECG) se d\u00e9roulent \u00e0 l&rsquo;\u00e9cole professionnelle.<\/p>\n\t\t\t\t\t\t\t\t<\/div>\n\t\t\t\t<\/div>\n\t\t\t\t\t<\/div>\n\t\t\t\t<\/div>\n\t\t\t\t\t<\/div>\n\t\t\t\t<\/div>\n\t\t<div data-particle_enable=\"false\" data-particle-mobile-disabled=\"false\" class=\"elementor-element elementor-element-8df5fe6 e-flex e-con-boxed e-con e-child\" data-id=\"8df5fe6\" data-element_type=\"container\" data-e-type=\"container\" data-settings=\"{&quot;background_background&quot;:&quot;classic&quot;}\">\n\t\t\t\t\t<div class=\"e-con-inner\">\n\t\t<div data-particle_enable=\"false\" data-particle-mobile-disabled=\"false\" class=\"elementor-element elementor-element-0cf15ec e-con-full e-flex e-con e-child\" data-id=\"0cf15ec\" data-element_type=\"container\" data-e-type=\"container\">\n\t\t\t\t<div class=\"elementor-element elementor-element-70cd322 elementor-widget elementor-widget-heading\" data-id=\"70cd322\" data-element_type=\"widget\" data-e-type=\"widget\" data-widget_type=\"heading.default\">\n\t\t\t\t<div class=\"elementor-widget-container\">\n\t\t\t\t\t<h2 class=\"elementor-heading-title elementor-size-default\">Certificat de formation professionnelle pour adultes<\/h2>\t\t\t\t<\/div>\n\t\t\t\t<\/div>\n\t\t\t\t<div class=\"elementor-element elementor-element-3f0bfe3 elementor-widget elementor-widget-text-editor\" data-id=\"3f0bfe3\" data-element_type=\"widget\" data-e-type=\"widget\" data-widget_type=\"text-editor.default\">\n\t\t\t\t<div class=\"elementor-widget-container\">\n\t\t\t\t\t\t\t\t\t<p>Le m\u00e9tier de recycleur\/recycleuse CFC est \u00e9galement int\u00e9ressant en tant que deuxi\u00e8me formation. Les collaborateurs titulaires d&rsquo;un CFC dans une profession apparent\u00e9e (p. ex. logisticien(ne) CFC, constructeur(trice) m\u00e9tallique CFC, constructeur(trice) routier(e) CFC) peuvent effectuer l&rsquo;apprentissage raccourci en deux ans. Normalement, ils sont dispens\u00e9s de l&rsquo;enseignement g\u00e9n\u00e9ral (ECG) \u00e0 l&rsquo;\u00e9cole professionnelle.<\/p>\n<p>Sans CFC, il est bien s\u00fbr toujours possible d&rsquo;apprendre le m\u00e9tier en trois ans, m\u00eame en tant qu&rsquo;adulte.<\/p>\n<p>Pour les collaborateurs sans CFC ou dipl\u00f4me \u00e9quivalent qui travaillent depuis plusieurs ann\u00e9es dans l&rsquo;entreprise de recyclage, il existe la possibilit\u00e9 d&rsquo;obtenir le dipl\u00f4me selon l&rsquo;article 32.<\/p>\n\t\t\t\t\t\t\t\t<\/div>\n\t\t\t\t<\/div>\n\t\t\t\t<div class=\"elementor-element elementor-element-bbbfae2 elementor-icon-list--layout-traditional elementor-list-item-link-full_width elementor-widget elementor-widget-icon-list\" data-id=\"bbbfae2\" data-element_type=\"widget\" data-e-type=\"widget\" data-widget_type=\"icon-list.default\">\n\t\t\t\t<div class=\"elementor-widget-container\">\n\t\t\t\t\t\t\t<ul class=\"elementor-icon-list-items\">\n\t\t\t\t\t\t\t<li class=\"elementor-icon-list-item\">\n\t\t\t\t\t\t\t\t\t\t\t<a href=\"https:\/\/www.berufsberatung.ch\/dyn\/show\/6215\" target=\"_blank\">\n\n\t\t\t\t\t\t\t\t\t\t\t\t<span class=\"elementor-icon-list-icon\">\n\t\t\t\t\t\t\t<svg aria-hidden=\"true\" class=\"e-font-icon-svg e-fas-external-link-alt\" viewBox=\"0 0 512 512\" xmlns=\"http:\/\/www.w3.org\/2000\/svg\"><path d=\"M432,320H400a16,16,0,0,0-16,16V448H64V128H208a16,16,0,0,0,16-16V80a16,16,0,0,0-16-16H48A48,48,0,0,0,0,112V464a48,48,0,0,0,48,48H400a48,48,0,0,0,48-48V336A16,16,0,0,0,432,320ZM488,0h-128c-21.37,0-32.05,25.91-17,41l35.73,35.73L135,320.37a24,24,0,0,0,0,34L157.67,377a24,24,0,0,0,34,0L435.28,133.32,471,169c15,15,41,4.5,41-17V24A24,24,0,0,0,488,0Z\"><\/path><\/svg>\t\t\t\t\t\t<\/span>\n\t\t\t\t\t\t\t\t\t\t<span class=\"elementor-icon-list-text\">orientation.ch<\/span>\n\t\t\t\t\t\t\t\t\t\t\t<\/a>\n\t\t\t\t\t\t\t\t\t<\/li>\n\t\t\t\t\t\t<\/ul>\n\t\t\t\t\t\t<\/div>\n\t\t\t\t<\/div>\n\t\t\t\t<\/div>\n\t\t<div data-particle_enable=\"false\" data-particle-mobile-disabled=\"false\" class=\"elementor-element elementor-element-65594c3 e-flex e-con-boxed e-con e-child\" data-id=\"65594c3\" data-element_type=\"container\" data-e-type=\"container\" data-settings=\"{&quot;background_background&quot;:&quot;classic&quot;}\">\n\t\t\t\t\t<div class=\"e-con-inner\">\n\t\t\t\t\t<\/div>\n\t\t\t\t<\/div>\n\t\t\t\t\t<\/div>\n\t\t\t\t<\/div>\n\t\t\t\t\t<\/div>\n\t\t\t\t<\/div>\n\t\t<div data-particle_enable=\"false\" data-particle-mobile-disabled=\"false\" class=\"elementor-element elementor-element-1c4b896 e-flex e-con-boxed e-con e-parent\" data-id=\"1c4b896\" data-element_type=\"container\" data-e-type=\"container\" data-settings=\"{&quot;background_background&quot;:&quot;classic&quot;}\">\n\t\t\t\t\t<div class=\"e-con-inner\">\n\t\t\t\t<div class=\"elementor-element elementor-element-6fb3193 elementor-widget elementor-widget-spacer\" data-id=\"6fb3193\" data-element_type=\"widget\" data-e-type=\"widget\" data-widget_type=\"spacer.default\">\n\t\t\t\t<div class=\"elementor-widget-container\">\n\t\t\t\t\t\t\t<div class=\"elementor-spacer\">\n\t\t\t<div class=\"elementor-spacer-inner\"><\/div>\n\t\t<\/div>\n\t\t\t\t\t\t<\/div>\n\t\t\t\t<\/div>\n\t\t\t\t\t<\/div>\n\t\t\t\t<\/div>\n\t\t\t\t<\/div>\n\t\t","protected":false},"excerpt":{"rendered":"<p>La formation Agenda Dans l&rsquo;entreprise Le plan de formation d\u00e9finit les objectifs d&rsquo;apprentissage et de performance pour la formation de recycleur\/recycleuse CFC. Les objectifs de formation sont attribu\u00e9s aux trois lieux de formation \u00ab\u00a0\u00e9cole professionnelle, entreprise et cours interentreprises\u00a0\u00bb. Afin de soutenir au mieux la formation des apprenants, l&rsquo;enseignement des contenus d&rsquo;apprentissage respectifs doit \u00eatre [&hellip;]<\/p>\n","protected":false},"author":1,"featured_media":0,"parent":0,"menu_order":0,"comment_status":"closed","ping_status":"closed","template":"","meta":{"_eb_attr":"","footnotes":""},"class_list":["post-4684","page","type-page","status-publish","hentry"],"yoast_head":"<!-- This site is optimized with the Yoast SEO plugin v27.5 - https:\/\/yoast.com\/product\/yoast-seo-wordpress\/ -->\n<title>La formation - Recyclist<\/title>\n<meta name=\"robots\" content=\"index, follow, max-snippet:-1, max-image-preview:large, max-video-preview:-1\" \/>\n<meta property=\"og:locale\" content=\"fr_FR\" \/>\n<meta property=\"og:type\" content=\"article\" \/>\n<meta property=\"og:title\" content=\"La formation - Recyclist\" \/>\n<meta property=\"og:description\" content=\"La formation Agenda Dans l&rsquo;entreprise Le plan de formation d\u00e9finit les objectifs d&rsquo;apprentissage et de performance pour la formation de recycleur\/recycleuse CFC. Les objectifs de formation sont attribu\u00e9s aux trois lieux de formation \u00ab\u00a0\u00e9cole professionnelle, entreprise et cours interentreprises\u00a0\u00bb. Afin de soutenir au mieux la formation des apprenants, l&rsquo;enseignement des contenus d&rsquo;apprentissage respectifs doit \u00eatre [&hellip;]\" \/>\n<meta property=\"og:url\" content=\"https:\/\/recyclist.ch\/fr\/la-formation\/\" \/>\n<meta property=\"og:site_name\" content=\"Recyclist\" \/>\n<meta property=\"article:publisher\" content=\"https:\/\/www.facebook.com\/RecyclistEFZ\/\" \/>\n<meta property=\"article:modified_time\" content=\"2025-03-25T15:04:03+00:00\" \/>\n<meta name=\"twitter:card\" content=\"summary_large_image\" \/>\n<meta name=\"twitter:label1\" content=\"Dur\u00e9e de lecture estim\u00e9e\" \/>\n\t<meta name=\"twitter:data1\" content=\"3 minutes\" \/>\n<script type=\"application\/ld+json\" class=\"yoast-schema-graph\">{\"@context\":\"https:\\\/\\\/schema.org\",\"@graph\":[{\"@type\":\"WebPage\",\"@id\":\"https:\\\/\\\/recyclist.ch\\\/fr\\\/la-formation\\\/\",\"url\":\"https:\\\/\\\/recyclist.ch\\\/fr\\\/la-formation\\\/\",\"name\":\"La formation - Recyclist\",\"isPartOf\":{\"@id\":\"https:\\\/\\\/recyclist.ch\\\/fr\\\/#website\"},\"datePublished\":\"2024-02-17T07:35:52+00:00\",\"dateModified\":\"2025-03-25T15:04:03+00:00\",\"breadcrumb\":{\"@id\":\"https:\\\/\\\/recyclist.ch\\\/fr\\\/la-formation\\\/#breadcrumb\"},\"inLanguage\":\"fr-FR\",\"potentialAction\":[{\"@type\":\"ReadAction\",\"target\":[\"https:\\\/\\\/recyclist.ch\\\/fr\\\/la-formation\\\/\"]}]},{\"@type\":\"BreadcrumbList\",\"@id\":\"https:\\\/\\\/recyclist.ch\\\/fr\\\/la-formation\\\/#breadcrumb\",\"itemListElement\":[{\"@type\":\"ListItem\",\"position\":1,\"name\":\"Home\",\"item\":\"https:\\\/\\\/recyclist.ch\\\/fr\\\/\"},{\"@type\":\"ListItem\",\"position\":2,\"name\":\"La formation\"}]},{\"@type\":\"WebSite\",\"@id\":\"https:\\\/\\\/recyclist.ch\\\/fr\\\/#website\",\"url\":\"https:\\\/\\\/recyclist.ch\\\/fr\\\/\",\"name\":\"Recyclist\",\"description\":\"Recyclist\",\"publisher\":{\"@id\":\"https:\\\/\\\/recyclist.ch\\\/fr\\\/#organization\"},\"potentialAction\":[{\"@type\":\"SearchAction\",\"target\":{\"@type\":\"EntryPoint\",\"urlTemplate\":\"https:\\\/\\\/recyclist.ch\\\/fr\\\/?s={search_term_string}\"},\"query-input\":{\"@type\":\"PropertyValueSpecification\",\"valueRequired\":true,\"valueName\":\"search_term_string\"}}],\"inLanguage\":\"fr-FR\"},{\"@type\":\"Organization\",\"@id\":\"https:\\\/\\\/recyclist.ch\\\/fr\\\/#organization\",\"name\":\"Recyclist\",\"url\":\"https:\\\/\\\/recyclist.ch\\\/fr\\\/\",\"logo\":{\"@type\":\"ImageObject\",\"inLanguage\":\"fr-FR\",\"@id\":\"https:\\\/\\\/recyclist.ch\\\/fr\\\/#\\\/schema\\\/logo\\\/image\\\/\",\"url\":\"https:\\\/\\\/recyclist.ch\\\/wp-content\\\/uploads\\\/2023\\\/11\\\/R_logo.png\",\"contentUrl\":\"https:\\\/\\\/recyclist.ch\\\/wp-content\\\/uploads\\\/2023\\\/11\\\/R_logo.png\",\"width\":133,\"height\":113,\"caption\":\"Recyclist\"},\"image\":{\"@id\":\"https:\\\/\\\/recyclist.ch\\\/fr\\\/#\\\/schema\\\/logo\\\/image\\\/\"},\"sameAs\":[\"https:\\\/\\\/www.facebook.com\\\/RecyclistEFZ\\\/\",\"https:\\\/\\\/www.instagram.com\\\/recyclist_in.ch\",\"https:\\\/\\\/www.linkedin.com\\\/company\\\/recylist-in-efz\"]}]}<\/script>\n<!-- \/ Yoast SEO plugin. -->","yoast_head_json":{"title":"La formation - Recyclist","robots":{"index":"index","follow":"follow","max-snippet":"max-snippet:-1","max-image-preview":"max-image-preview:large","max-video-preview":"max-video-preview:-1"},"og_locale":"fr_FR","og_type":"article","og_title":"La formation - Recyclist","og_description":"La formation Agenda Dans l&rsquo;entreprise Le plan de formation d\u00e9finit les objectifs d&rsquo;apprentissage et de performance pour la formation de recycleur\/recycleuse CFC. Les objectifs de formation sont attribu\u00e9s aux trois lieux de formation \u00ab\u00a0\u00e9cole professionnelle, entreprise et cours interentreprises\u00a0\u00bb. Afin de soutenir au mieux la formation des apprenants, l&rsquo;enseignement des contenus d&rsquo;apprentissage respectifs doit \u00eatre [&hellip;]","og_url":"https:\/\/recyclist.ch\/fr\/la-formation\/","og_site_name":"Recyclist","article_publisher":"https:\/\/www.facebook.com\/RecyclistEFZ\/","article_modified_time":"2025-03-25T15:04:03+00:00","twitter_card":"summary_large_image","twitter_misc":{"Dur\u00e9e de lecture estim\u00e9e":"3 minutes"},"schema":{"@context":"https:\/\/schema.org","@graph":[{"@type":"WebPage","@id":"https:\/\/recyclist.ch\/fr\/la-formation\/","url":"https:\/\/recyclist.ch\/fr\/la-formation\/","name":"La formation - Recyclist","isPartOf":{"@id":"https:\/\/recyclist.ch\/fr\/#website"},"datePublished":"2024-02-17T07:35:52+00:00","dateModified":"2025-03-25T15:04:03+00:00","breadcrumb":{"@id":"https:\/\/recyclist.ch\/fr\/la-formation\/#breadcrumb"},"inLanguage":"fr-FR","potentialAction":[{"@type":"ReadAction","target":["https:\/\/recyclist.ch\/fr\/la-formation\/"]}]},{"@type":"BreadcrumbList","@id":"https:\/\/recyclist.ch\/fr\/la-formation\/#breadcrumb","itemListElement":[{"@type":"ListItem","position":1,"name":"Home","item":"https:\/\/recyclist.ch\/fr\/"},{"@type":"ListItem","position":2,"name":"La formation"}]},{"@type":"WebSite","@id":"https:\/\/recyclist.ch\/fr\/#website","url":"https:\/\/recyclist.ch\/fr\/","name":"Recyclist","description":"Recyclist","publisher":{"@id":"https:\/\/recyclist.ch\/fr\/#organization"},"potentialAction":[{"@type":"SearchAction","target":{"@type":"EntryPoint","urlTemplate":"https:\/\/recyclist.ch\/fr\/?s={search_term_string}"},"query-input":{"@type":"PropertyValueSpecification","valueRequired":true,"valueName":"search_term_string"}}],"inLanguage":"fr-FR"},{"@type":"Organization","@id":"https:\/\/recyclist.ch\/fr\/#organization","name":"Recyclist","url":"https:\/\/recyclist.ch\/fr\/","logo":{"@type":"ImageObject","inLanguage":"fr-FR","@id":"https:\/\/recyclist.ch\/fr\/#\/schema\/logo\/image\/","url":"https:\/\/recyclist.ch\/wp-content\/uploads\/2023\/11\/R_logo.png","contentUrl":"https:\/\/recyclist.ch\/wp-content\/uploads\/2023\/11\/R_logo.png","width":133,"height":113,"caption":"Recyclist"},"image":{"@id":"https:\/\/recyclist.ch\/fr\/#\/schema\/logo\/image\/"},"sameAs":["https:\/\/www.facebook.com\/RecyclistEFZ\/","https:\/\/www.instagram.com\/recyclist_in.ch","https:\/\/www.linkedin.com\/company\/recylist-in-efz"]}]}},"_links":{"self":[{"href":"https:\/\/recyclist.ch\/fr\/wp-json\/wp\/v2\/pages\/4684","targetHints":{"allow":["GET"]}}],"collection":[{"href":"https:\/\/recyclist.ch\/fr\/wp-json\/wp\/v2\/pages"}],"about":[{"href":"https:\/\/recyclist.ch\/fr\/wp-json\/wp\/v2\/types\/page"}],"author":[{"embeddable":true,"href":"https:\/\/recyclist.ch\/fr\/wp-json\/wp\/v2\/users\/1"}],"replies":[{"embeddable":true,"href":"https:\/\/recyclist.ch\/fr\/wp-json\/wp\/v2\/comments?post=4684"}],"version-history":[{"count":22,"href":"https:\/\/recyclist.ch\/fr\/wp-json\/wp\/v2\/pages\/4684\/revisions"}],"predecessor-version":[{"id":6654,"href":"https:\/\/recyclist.ch\/fr\/wp-json\/wp\/v2\/pages\/4684\/revisions\/6654"}],"wp:attachment":[{"href":"https:\/\/recyclist.ch\/fr\/wp-json\/wp\/v2\/media?parent=4684"}],"curies":[{"name":"wp","href":"https:\/\/api.w.org\/{rel}","templated":true}]}}